{"id":25963,"date":"2023-01-12T12:14:52","date_gmt":"2023-01-12T11:14:52","guid":{"rendered":"http:\/\/evida.be\/acceuil\/"},"modified":"2026-02-02T14:23:59","modified_gmt":"2026-02-02T13:23:59","slug":"mode-feminine","status":"publish","type":"page","link":"https:\/\/evida.be\/fr\/","title":{"rendered":"Acceuil"},"content":{"rendered":"<div class=\"wpb-content-wrapper\">[vc_row full_width=\u00a0\u00bbstretch_row\u00a0\u00bb column_spacing=\u00a0\u00bb40&Prime; equal_height=\u00a0\u00bbyes\u00a0\u00bb remove_bottom_col_margin=\u00a0\u00bbtrue\u00a0\u00bb bg_style=\u00a0\u00bbstretch\u00a0\u00bb wpex_bg_position=\u00a0\u00bbcenter bottom\u00a0\u00bb][vc_column width=\u00a0\u00bb1\/2&Prime; wpex_zindex=\u00a0\u00bb99&Prime; css=\u00a0\u00bb.vc_custom_1657195922628{padding-top: 75px !important;padding-right: 8% !important;padding-bottom: 80px !important;}\u00a0\u00bb]<h1 class=\"vcex-heading vcex-heading-plain vcex-module wpex-heading wpex-text-2xl wpex-h1\"><span class=\"vcex-heading-inner wpex-inline-block\">Evida. Nous sommes ravies de vous rencontrer<\/span><\/h1>[vc_column_text css=\u00a0\u00bb.vc_custom_1665996885415{padding-bottom: 30px !important;}\u00a0\u00bb text_align=\u00a0\u00bbleft\u00a0\u00bb]Chez nous, il n\u2019y a pas de cat\u00e9gorisation. Chaque femme, qu\u2019elle soit grande, petite, fine ou voluptueuse, a droit \u00e0 des v\u00eatements \u00e9l\u00e9gants et parfaitement ajust\u00e9s. Et c\u2019est l\u00e0 que nous intervenons : Evida est une agence de v\u00eatements pour femmes proposant diff\u00e9rentes marques et des styles vari\u00e9s. Pour vous, en tant que d\u00e9taillant, nous pr\u00e9sentons des collections de la taille 34 \u00e0 la taille 56. Et cela nous rend uniques.[\/vc_column_text]<a href=\"https:\/\/evida.be\/fr\/contact\/\" class=\"vcex-button theme-button inline\"><span class=\"vcex-button-inner theme-button-inner wpex-flex wpex-flex-wrap wpex-items-center wpex-justify-center\">Contactez nous!<\/span><\/a> [\/vc_column][vc_column width=\u00a0\u00bb1\/2&Prime; css=\u00a0\u00bb.vc_custom_1672399954771{background-image: url(http:\/\/evida.be\/wp-content\/uploads\/2022\/12\/EVIDA-35.jpg?id=25030) !important;background-position: center !important;background-repeat: no-repeat !important;background-size: cover !important;}\u00a0\u00bb min_height=\u00a0\u00bb300px\u00a0\u00bb][\/vc_column][\/vc_row][vc_row full_width=\u00a0\u00bbstretch_row\u00a0\u00bb column_spacing=\u00a0\u00bb0px\u00a0\u00bb bg_style=\u00a0\u00bbstretch\u00a0\u00bb css=\u00a0\u00bb.vc_custom_1657195369838{padding-top: 80px !important;padding-bottom: 60px !important;background-color: rgba(89,25,45,0.1) !important;*background-color: rgb(89,25,45) !important;}\u00a0\u00bb local_scroll_id=\u00a0\u00bbonze-merken\u00a0\u00bb][vc_column]<style>.vcex-heading.vcex_69ef6a8a27f7e{font-size:30px;font-weight:900;}@media (max-width:1024px){.vcex-heading.vcex_69ef6a8a27f7e{font-size:26px;}}@media (max-width:959px){.vcex-heading.vcex_69ef6a8a27f7e{font-size:26px;}}@media (max-width:767px){.vcex-heading.vcex_69ef6a8a27f7e{font-size:24px;}}@media (max-width:479px){.vcex-heading.vcex_69ef6a8a27f7e{font-size:24px;}}<\/style><h2 class=\"vcex-heading vcex-heading-plain vcex-module wpex-heading wpex-text-2xl wpex-h2 wpex-text-center vc_custom_1665996971115 vcex_69ef6a8a27f7e\"><span class=\"vcex-heading-inner wpex-inline-block\">La garde-robe d\u2019Evida<\/span><\/h2>[vc_column_text text_align=\u00a0\u00bbleft\u00a0\u00bb]Notre garde-robe comprend des marques compl\u00e9mentaires, allant des v\u00eatements d\u00e9contract\u00e9s aux tenues de soir\u00e9e. Chaque marque a sa propre identit\u00e9. Toutefois, elles ont un point commun : elles proposent une mode r\u00e9elle pour des personnes r\u00e9elles. Une mode portable et abordable. Pour que chaque femme puisse briller \u00e0 tout moment de la journ\u00e9e. Quelle que soit sa taille. En tant que d\u00e9taillant, vous faites tranquillement votre choix chez nous. Nous vous proposons des snacks et des boissons. Et surtout, une bonne discussion. Parce que partager des conseils et des id\u00e9es, cela fonctionne vraiment. Apr\u00e8s tout, nous vendons ensemble. N\u2019h\u00e9sitez donc pas \u00e0 prendre votre temps pour toucher les tissus et d\u00e9couvrir les combinaisons. Chez nous, vous composez des tenues compl\u00e8tes, car notre gamme comprend \u00e9galement un sac \u00e0 main assorti. Et qu\u2019en est-il du bijou qui finit le look ? Check! Vous le trouverez \u00e9galement chez Evida. D\u00e9couvrez nos marques.[\/vc_column_text][\/vc_column][\/vc_row][vc_row full_width=\u00a0\u00bbstretch_row\u00a0\u00bb column_spacing=\u00a0\u00bb0px\u00a0\u00bb bg_style=\u00a0\u00bbstretch\u00a0\u00bb css=\u00a0\u00bb.vc_custom_1665756602381{background-color: rgba(89,25,45,0.1) !important;*background-color: rgb(89,25,45) !important;}\u00a0\u00bb wpex_zindex=\u00a0\u00bb9&Prime;][vc_column width=\u00a0\u00bb2\/3&Prime; css=\u00a0\u00bb.vc_custom_1668502178344{background-image: url(http:\/\/evida.be\/wp-content\/uploads\/2022\/11\/test2.png?id=25023) !important;background-position: center !important;background-repeat: no-repeat !important;background-size: contain !important;}\u00a0\u00bb wpex_bg_position=\u00a0\u00bbcenter top\u00a0\u00bb el_class=\u00a0\u00bbminheight_bg\u00a0\u00bb offset=\u00a0\u00bbvc_col-lg-offset-2 vc_col-md-offset-2 vc_col-sm-offset-2 vc_col-xs-12&Prime;][vc_row_inner el_class=\u00a0\u00bbminheight_bg\u00a0\u00bb][vc_column_inner width=\u00a0\u00bb1\/2&Prime; offset=\u00a0\u00bbvc_col-lg-6 vc_col-md-6 vc_col-xs-6&Prime; css=\u00a0\u00bb.vc_custom_1655389767130{margin-top: 40px !important;}\u00a0\u00bb]<figure class=\"vcex-image vcex-module wpex-text-left label_1\"><div class=\"vcex-image-inner wpex-relative wpex-inline-block vc_custom_1673871425649\"><a href=\"https:\/\/evida.be\/fr\/essy\/\"><img loading=\"lazy\" class=\"vcex-image-img wpex-align-middle\" decoding=\"async\" src=\"https:\/\/evida.be\/wp-content\/uploads\/2022\/05\/label-es-sy-100x50.png\" alt=\"\" srcset=\"https:\/\/evida.be\/wp-content\/uploads\/2022\/05\/label-es-sy-100x50.png 100w, https:\/\/evida.be\/wp-content\/uploads\/2022\/05\/label-es-sy-300x153.png 300w, https:\/\/evida.be\/wp-content\/uploads\/2022\/05\/label-es-sy.png 306w\" width=\"100\" height=\"50\"><\/a><\/div><\/figure><figure class=\"vcex-image vcex-module wpex-text-left label_1\"><div class=\"vcex-image-inner wpex-relative wpex-inline-block vc_custom_1673871437202\"><a href=\"https:\/\/evida.be\/fr\/orientique\/\"><img loading=\"lazy\" class=\"vcex-image-img wpex-align-middle\" decoding=\"async\" src=\"https:\/\/evida.be\/wp-content\/uploads\/2022\/12\/OQ_Pref_EPS_Black6C1.pdf-1-100x50.png\" alt=\"\" srcset=\"https:\/\/evida.be\/wp-content\/uploads\/2022\/12\/OQ_Pref_EPS_Black6C1.pdf-1-100x50.png 100w, https:\/\/evida.be\/wp-content\/uploads\/2022\/12\/OQ_Pref_EPS_Black6C1.pdf-1-300x153.png 300w, https:\/\/evida.be\/wp-content\/uploads\/2022\/12\/OQ_Pref_EPS_Black6C1.pdf-1.png 306w\" width=\"100\" height=\"50\"><\/a><\/div><\/figure><figure class=\"vcex-image vcex-module wpex-text-left label_5\"><div class=\"vcex-image-inner wpex-relative wpex-inline-block vc_custom_1673871449071\"><a href=\"https:\/\/evida.be\/fr\/collections\/ivy-beau\/\"><img loading=\"lazy\" class=\"vcex-image-img wpex-align-middle\" decoding=\"async\" src=\"https:\/\/evida.be\/wp-content\/uploads\/2022\/06\/ivy-beau-label-100x50.png\" alt=\"\" srcset=\"https:\/\/evida.be\/wp-content\/uploads\/2022\/06\/ivy-beau-label-100x50.png 100w, https:\/\/evida.be\/wp-content\/uploads\/2022\/06\/ivy-beau-label-300x153.png 300w, https:\/\/evida.be\/wp-content\/uploads\/2022\/06\/ivy-beau-label.png 306w\" width=\"100\" height=\"50\"><\/a><\/div><\/figure><figure class=\"vcex-image vcex-module wpex-text-left label_4\"><div class=\"vcex-image-inner wpex-relative wpex-inline-block vc_custom_1738926891457\"><a href=\"https:\/\/evida.be\/fr\/collections\/pont-neuf\/\"><img loading=\"lazy\" class=\"vcex-image-img wpex-align-middle\" decoding=\"async\" src=\"https:\/\/evida.be\/wp-content\/uploads\/2025\/02\/Exxcellent-logo-100x50.png\" alt=\"\" srcset=\"https:\/\/evida.be\/wp-content\/uploads\/2025\/02\/Exxcellent-logo-100x50.png 100w, https:\/\/evida.be\/wp-content\/uploads\/2025\/02\/Exxcellent-logo-300x153.png 300w, https:\/\/evida.be\/wp-content\/uploads\/2025\/02\/Exxcellent-logo.png 306w\" width=\"100\" height=\"50\"><\/a><\/div><\/figure><figure class=\"vcex-image vcex-module wpex-text-left label_7\"><div class=\"vcex-image-inner wpex-relative wpex-inline-block vc_custom_1673871614138\"><a href=\"https:\/\/evida.be\/fr\/collections\/yest\/\"><img loading=\"lazy\" class=\"vcex-image-img wpex-align-middle\" decoding=\"async\" src=\"https:\/\/evida.be\/wp-content\/uploads\/2022\/10\/Yest_-100x50.png\" alt=\"\" srcset=\"https:\/\/evida.be\/wp-content\/uploads\/2022\/10\/Yest_-100x50.png 100w, https:\/\/evida.be\/wp-content\/uploads\/2022\/10\/Yest_-300x153.png 300w, https:\/\/evida.be\/wp-content\/uploads\/2022\/10\/Yest_.png 306w\" width=\"100\" height=\"50\"><\/a><\/div><\/figure><figure class=\"vcex-image vcex-module wpex-text-left label_4\"><div class=\"vcex-image-inner wpex-relative wpex-inline-block vc_custom_1708005415233\"><a href=\"https:\/\/evida.be\/fr\/anyday\/\"><img loading=\"lazy\" class=\"vcex-image-img wpex-align-middle\" decoding=\"async\" src=\"https:\/\/evida.be\/wp-content\/uploads\/2024\/02\/Logo-witte-achtergrond-100x50.png\" alt=\"\" srcset=\"https:\/\/evida.be\/wp-content\/uploads\/2024\/02\/Logo-witte-achtergrond-100x50.png 100w, https:\/\/evida.be\/wp-content\/uploads\/2024\/02\/Logo-witte-achtergrond-300x153.png 300w, https:\/\/evida.be\/wp-content\/uploads\/2024\/02\/Logo-witte-achtergrond.png 306w\" width=\"100\" height=\"50\"><\/a><\/div><\/figure>[\/vc_column_inner][vc_column_inner width=\u00a0\u00bb1\/2&Prime; offset=\u00a0\u00bbvc_col-lg-6 vc_col-md-6 vc_col-xs-6&Prime; css=\u00a0\u00bb.vc_custom_1655449270161{margin-top: 5% !important;}\u00a0\u00bb]<figure class=\"vcex-image vcex-module wpex-text-right label_3\"><div class=\"vcex-image-inner wpex-relative wpex-inline-block vc_custom_1689253570261\"><a href=\"https:\/\/evida.be\/fr\/escape\/\"><img loading=\"lazy\" class=\"vcex-image-img wpex-align-middle\" decoding=\"async\" src=\"https:\/\/evida.be\/wp-content\/uploads\/2023\/07\/Escape-by-OQ-logo-MONO-HI-2-100x50.png\" alt=\"\" srcset=\"https:\/\/evida.be\/wp-content\/uploads\/2023\/07\/Escape-by-OQ-logo-MONO-HI-2-100x50.png 100w, https:\/\/evida.be\/wp-content\/uploads\/2023\/07\/Escape-by-OQ-logo-MONO-HI-2-300x153.png 300w, https:\/\/evida.be\/wp-content\/uploads\/2023\/07\/Escape-by-OQ-logo-MONO-HI-2.png 306w\" width=\"100\" height=\"50\"><\/a><\/div><\/figure><figure class=\"vcex-image vcex-module wpex-text-right label_2\"><div class=\"vcex-image-inner wpex-relative wpex-inline-block vc_custom_1673871669124\"><a href=\"https:\/\/evida.be\/fr\/collections\/base-level\/\"><img loading=\"lazy\" class=\"vcex-image-img wpex-align-middle\" decoding=\"async\" src=\"https:\/\/evida.be\/wp-content\/uploads\/2022\/06\/base-level-curvy-label-100x50.png\" alt=\"\" srcset=\"https:\/\/evida.be\/wp-content\/uploads\/2022\/06\/base-level-curvy-label-100x50.png 100w, https:\/\/evida.be\/wp-content\/uploads\/2022\/06\/base-level-curvy-label-300x153.png 300w, https:\/\/evida.be\/wp-content\/uploads\/2022\/06\/base-level-curvy-label.png 306w\" width=\"100\" height=\"50\"><\/a><\/div><\/figure><figure class=\"vcex-image vcex-module wpex-text-right label_10\"><div class=\"vcex-image-inner wpex-relative wpex-inline-block vc_custom_1689161151809\"><a href=\"https:\/\/evida.be\/fr\/studio\/\"><img loading=\"lazy\" class=\"vcex-image-img wpex-align-middle\" decoding=\"async\" src=\"https:\/\/evida.be\/wp-content\/uploads\/2023\/07\/STUDIO_primary_logo-4-100x14.jpg\" alt=\"\" srcset=\"https:\/\/evida.be\/wp-content\/uploads\/2023\/07\/STUDIO_primary_logo-4-100x14.jpg 100w, https:\/\/evida.be\/wp-content\/uploads\/2023\/07\/STUDIO_primary_logo-4.jpg 110w\" width=\"100\" height=\"14\"><\/a><\/div><\/figure><figure class=\"vcex-image vcex-module wpex-text-right label_3\"><div class=\"vcex-image-inner wpex-relative wpex-inline-block vc_custom_1762947898358\"><a href=\"https:\/\/evida.be\/fr\/yestcurve\/\"><img loading=\"lazy\" class=\"vcex-image-img wpex-align-middle\" decoding=\"async\" src=\"https:\/\/evida.be\/wp-content\/uploads\/2025\/11\/YEST-CURVE_LOGO-BLACK-100x50.png\" alt=\"\" srcset=\"https:\/\/evida.be\/wp-content\/uploads\/2025\/11\/YEST-CURVE_LOGO-BLACK-100x50.png 100w, https:\/\/evida.be\/wp-content\/uploads\/2025\/11\/YEST-CURVE_LOGO-BLACK-300x153.png 300w, https:\/\/evida.be\/wp-content\/uploads\/2025\/11\/YEST-CURVE_LOGO-BLACK.png 306w\" width=\"100\" height=\"50\"><\/a><\/div><\/figure><figure class=\"vcex-image vcex-module wpex-text-right label_8\"><div class=\"vcex-image-inner wpex-relative wpex-inline-block vc_custom_1673871699273\"><a href=\"https:\/\/evida.be\/fr\/collections\/base-level\/\"><img loading=\"lazy\" class=\"vcex-image-img wpex-align-middle\" decoding=\"async\" src=\"https:\/\/evida.be\/wp-content\/uploads\/2022\/06\/base-level-label-100x50.png\" alt=\"\" srcset=\"https:\/\/evida.be\/wp-content\/uploads\/2022\/06\/base-level-label-100x50.png 100w, https:\/\/evida.be\/wp-content\/uploads\/2022\/06\/base-level-label-300x153.png 300w, https:\/\/evida.be\/wp-content\/uploads\/2022\/06\/base-level-label.png 306w\" width=\"100\" height=\"50\"><\/a><\/div><\/figure><figure class=\"vcex-image vcex-module wpex-text-right label_2\"><div class=\"vcex-image-inner wpex-relative wpex-inline-block vc_custom_1673871717689\"><a href=\"https:\/\/evida.be\/fr\/collections\/colletta\/\"><img loading=\"lazy\" class=\"vcex-image-img wpex-align-middle\" decoding=\"async\" src=\"https:\/\/evida.be\/wp-content\/uploads\/2022\/08\/colleta-label-100x50.png\" alt=\"\" srcset=\"https:\/\/evida.be\/wp-content\/uploads\/2022\/08\/colleta-label-100x50.png 100w, https:\/\/evida.be\/wp-content\/uploads\/2022\/08\/colleta-label-300x153.png 300w, https:\/\/evida.be\/wp-content\/uploads\/2022\/08\/colleta-label.png 306w\" width=\"100\" height=\"50\"><\/a><\/div><\/figure>[\/vc_column_inner][\/vc_row_inner][\/vc_column][\/vc_row][vc_row full_width=\u00a0\u00bbstretch_row_content_no_spaces\u00a0\u00bb equal_height=\u00a0\u00bbyes\u00a0\u00bb remove_bottom_col_margin=\u00a0\u00bbtrue\u00a0\u00bb wpex_fixed_bg=\u00a0\u00bbfixed\u00a0\u00bb css=\u00a0\u00bb.vc_custom_1657204011207{background-position: 0 0 !important;background-repeat: no-repeat !important;}\u00a0\u00bb wpex_bg_position=\u00a0\u00bbcenter center\u00a0\u00bb][vc_column width=\u00a0\u00bb1\/2&Prime; css=\u00a0\u00bb.vc_custom_1670841767745{background-image: url(http:\/\/evida.be\/wp-content\/uploads\/2022\/12\/EVIDA-102.jpg?id=25032) !important;background-position: center !important;background-repeat: no-repeat !important;background-size: cover !important;}\u00a0\u00bb min_height=\u00a0\u00bb500px\u00a0\u00bb wpex_bg_position=\u00a0\u00bbcenter top\u00a0\u00bb][\/vc_column][vc_column width=\u00a0\u00bb1\/2&Prime; css=\u00a0\u00bb.vc_custom_1657204058278{padding-top: 200px !important;padding-right: 10% !important;padding-bottom: 200px !important;padding-left: 50px !important;background-color: #f7f7f7 !important;}\u00a0\u00bb]<style>.vcex-heading.vcex_69ef6a8a4b287{font-weight:900;}<\/style><h2 class=\"vcex-heading vcex-heading-plain vcex-module wpex-heading wpex-text-2xl wpex-h2 wpex-text-left vcex_69ef6a8a4b287\"><span class=\"vcex-heading-inner wpex-inline-block\">Pr\u00e9sentation : Anouk<\/span><\/h2>[vc_column_text css=\u00a0\u00bb.vc_custom_1673513544672{padding-bottom: 30px !important;}\u00a0\u00bb]Inspiratrice \u00e9nergique d\u2019Evida. Pour Anouk, l\u2019union fait la force. C\u2019est le fil conducteur d\u2019Evida depuis deux d\u00e9cennies. Et aujourd\u2019hui, plus que jamais. Donner des conseils aux clients et rendre le consommateur final heureux. Fournir des informations pr\u00e9cieuses aux fournisseurs pour les aider \u00e0 optimiser leurs collections. Pour elle, c\u2019est de cela qu&rsquo;il s\u2019agit : la r\u00e9ussite des clients et des fournisseurs.[\/vc_column_text]<a href=\"https:\/\/evida.be\/fr\/a-propos-devida\/\" class=\"vcex-button theme-button inline\"><span class=\"vcex-button-inner theme-button-inner wpex-flex wpex-flex-wrap wpex-items-center wpex-justify-center\">En savoir plus sur Evida, Anouk et l\u2019\u00e9quipe<\/span><\/a> [\/vc_column][\/vc_row][vc_row full_width=\u00a0\u00bbstretch_row\u00a0\u00bb column_spacing=\u00a0\u00bb40&Prime; gap=\u00a0\u00bb30&Prime; css=\u00a0\u00bb.vc_custom_1655454872731{padding-top: 100px !important;padding-bottom: 60px !important;background-color: rgba(89,25,45,0.1) !important;*background-color: rgb(89,25,45) !important;}\u00a0\u00bb][vc_column]<style>.vcex-heading.vcex_69ef6a8a4d3bf{font-weight:900;}<\/style><h2 class=\"vcex-heading vcex-heading-plain vcex-module wpex-heading wpex-text-2xl wpex-h2 wpex-text-center vcex_69ef6a8a4d3bf\"><span class=\"vcex-heading-inner wpex-inline-block\">Les clients parlent d\u2019Evida<\/span><\/h2>[vc_column_text css=\u00a0\u00bb.vc_custom_1751370530290{padding-bottom: 30px !important;}\u00a0\u00bb text_align=\u00a0\u00bbcenter\u00a0\u00bb]Analyse. Advise. Act. Achieve&#8230; Telle est notre devise aujourd\u2019hui. Vous conseiller, tout en recueillant vos conseils. Parce que grandir, nous le faisons ensemble.[\/vc_column_text]<div class=\"theme-button-wrap textcenter wpex-clr\"><a href=\"https:\/\/evida.be\/reviews\/\" class=\"vcex-button theme-button align-center inline\"><span class=\"vcex-button-inner theme-button-inner wpex-flex wpex-flex-wrap wpex-items-center wpex-justify-center\">Lire tous les commentaires<\/span><\/a><\/div> [\/vc_column][\/vc_row][vc_row full_width=\u00a0\u00bbstretch_row_content_no_spaces\u00a0\u00bb equal_height=\u00a0\u00bbyes\u00a0\u00bb remove_bottom_col_margin=\u00a0\u00bbtrue\u00a0\u00bb wpex_fixed_bg=\u00a0\u00bbfixed\u00a0\u00bb css=\u00a0\u00bb.vc_custom_1655458128153{background-position: 0 0 !important;background-repeat: no-repeat !important;}\u00a0\u00bb wpex_bg_position=\u00a0\u00bbcenter center\u00a0\u00bb][vc_column width=\u00a0\u00bb1\/2&Prime; css=\u00a0\u00bb.vc_custom_1670841981591{background-image: url(http:\/\/evida.be\/wp-content\/uploads\/2022\/12\/EVIDA-42.jpg?id=25036) !important;background-position: center !important;background-repeat: no-repeat !important;background-size: cover !important;}\u00a0\u00bb min_height=\u00a0\u00bb300px\u00a0\u00bb wpex_bg_position=\u00a0\u00bbcenter top\u00a0\u00bb][\/vc_column][vc_column width=\u00a0\u00bb1\/2&Prime; css=\u00a0\u00bb.vc_custom_1657204161091{padding-top: 150px !important;padding-right: 10% !important;padding-bottom: 150px !important;padding-left: 50px !important;background-color: rgba(255,255,255,0.85) !important;*background-color: rgb(255,255,255) !important;}\u00a0\u00bb]<style>.vcex-heading.vcex_69ef6a8a510be{font-weight:900;}<\/style><h2 class=\"vcex-heading vcex-heading-plain vcex-module wpex-heading wpex-text-2xl wpex-h2 wpex-text-left vcex_69ef6a8a510be\"><span class=\"vcex-heading-inner wpex-inline-block\">Entrez<\/span><\/h2>[vc_column_text css=\u00a0\u00bb.vc_custom_1674568976450{padding-bottom: 30px !important;}\u00a0\u00bb]Vous \u00eates curieux de conna\u00eetre nos marques et notre approche unique ? Nous sommes curieuses de l&rsquo;entendre. Nous vous invitons \u00e0 visiter notre showroom \u00e0 Paal-Beringen. Le caf\u00e9 est pr\u00eat.<\/p>\n<p><strong>Vous avez besoin d\u2019un h\u00e9bergement ?<\/strong> <a href=\"http:\/\/evida.be\/overnachten\/\">Voir une liste de chambres d&rsquo;h\u00f4tes \u00e0 proximit\u00e9.<\/a>[\/vc_column_text]<a href=\"https:\/\/evida.be\/fr\/contact\/\" class=\"vcex-button theme-button inline\"><span class=\"vcex-button-inner theme-button-inner wpex-flex wpex-flex-wrap wpex-items-center wpex-justify-center\">Contactez-nous!<\/span><\/a> [\/vc_column][\/vc_row][vc_row full_width=\u00a0\u00bbstretch_row\u00a0\u00bb column_spacing=\u00a0\u00bb40&Prime; equal_height=\u00a0\u00bbyes\u00a0\u00bb remove_bottom_col_margin=\u00a0\u00bbtrue\u00a0\u00bb bg_style=\u00a0\u00bbstretch\u00a0\u00bb wpex_zindex=\u00a0\u00bb99&Prime;][vc_column width=\u00a0\u00bb1\/2&Prime; wpex_zindex=\u00a0\u00bb99&Prime; css=\u00a0\u00bb.vc_custom_1657195922628{padding-top: 75px !important;padding-right: 8% !important;padding-bottom: 80px !important;}\u00a0\u00bb]<h2 class=\"vcex-heading vcex-heading-plain vcex-module wpex-heading wpex-text-2xl wpex-h2\"><span class=\"vcex-heading-inner wpex-inline-block\">Venez d\u00e9couvrir nos collections de mode<\/span><\/h2>[vc_column_text css=\u00a0\u00bb.vc_custom_1657195804536{padding-bottom: 30px !important;}\u00a0\u00bb text_align=\u00a0\u00bbleft\u00a0\u00bb]Depuis plus de 20 ans, l&rsquo;agence Evida s&rsquo;est sp\u00e9cialis\u00e9e dans les marques de v\u00eatements qui prennent en compte toutes les morphologies. Nos crit\u00e8res de s\u00e9lection pour choisir une marque ? Au moins jusqu&rsquo;\u00e0 la taille 48, la qualit\u00e9 et le respect de toutes les femmes. Nous proposons des marques dans une grande vari\u00e9t\u00e9 de styles.[\/vc_column_text]<div class=\"vcex-multi-buttons wpex-flex wpex-flex-wrap wpex-items-center wpex-gap-10 wpex-justify-start\"><a href=\"#onze-merken\" class=\"theme-button flat outline-transparent local-scroll-link wpex-text-center vcex-count-1\" style=\"background:#189fb7;\" data-wpex-hover=\"{&quot;background&quot;:&quot;#158da3&quot;}\">Onze merken<\/a><a href=\"https:\/\/evida.tijdelijk.website\/contact\/\" title=\"Contact\" class=\"theme-button flat outline-transparent wpex-text-center vcex-count-2\">Contact<\/a><\/div>[\/vc_column][vc_column width=\u00a0\u00bb1\/2&Prime; css=\u00a0\u00bb.vc_custom_1657195898620{background-image: url(http:\/\/evida.be\/wp-content\/uploads\/2022\/07\/EVIDA-8-scaled.jpg?id=24529) !important;background-position: center !important;background-repeat: no-repeat !important;background-size: contain !important;}\u00a0\u00bb min_height=\u00a0\u00bb300px\u00a0\u00bb wpex_bg_position=\u00a0\u00bbbottom center\u00a0\u00bb][\/vc_column][\/vc_row][vc_row full_width=\u00a0\u00bbstretch_row_content_no_spaces\u00a0\u00bb equal_height=\u00a0\u00bbyes\u00a0\u00bb remove_bottom_col_margin=\u00a0\u00bbtrue\u00a0\u00bb wpex_fixed_bg=\u00a0\u00bbfixed\u00a0\u00bb css=\u00a0\u00bb.vc_custom_1655458128153{background-position: 0 0 !important;background-repeat: no-repeat !important;}\u00a0\u00bb wpex_bg_position=\u00a0\u00bbcenter center\u00a0\u00bb][vc_column width=\u00a0\u00bb1\/2&Prime; css=\u00a0\u00bb.vc_custom_1655977544504{background-image: url(http:\/\/evida.be\/wp-content\/uploads\/2022\/06\/EVIDA-40.jpg?id=24182) !important;background-position: center !important;background-repeat: no-repeat !important;background-size: cover !important;}\u00a0\u00bb min_height=\u00a0\u00bb300px\u00a0\u00bb wpex_bg_position=\u00a0\u00bbcenter top\u00a0\u00bb][\/vc_column][vc_column width=\u00a0\u00bb1\/2&Prime; css=\u00a0\u00bb.vc_custom_1655977519484{padding-top: 10% !important;padding-right: 10% !important;padding-bottom: 10% !important;padding-left: 50px !important;background-color: #f7f7f7 !important;}\u00a0\u00bb]<style>.vcex-heading.vcex_69ef6a8a529ae{font-weight:900;}<\/style><h2 class=\"vcex-heading vcex-heading-plain vcex-module wpex-heading wpex-text-2xl wpex-h2 wpex-text-left vcex_69ef6a8a529ae\"><span class=\"vcex-heading-inner wpex-inline-block\">Anouk - g\u00e9rante<\/span><\/h2>[vc_column_text css=\u00a0\u00bb.vc_custom_1770037399615{padding-bottom: 30px !important;}\u00a0\u00bb]Anouk a commenc\u00e9 en 2000 avec une seule marque de v\u00eatements, mais son agence s&rsquo;est rapidement d\u00e9velopp\u00e9e. Aujourd&rsquo;hui, elle dispose d&rsquo;un grand showroom plein de charme \u00e0 Paal-Beringen (Limbourg), o\u00f9 elle pr\u00e9sente chaque saison les nouvelles collections aux propri\u00e9taires de magasins avec beaucoup d&rsquo;enthousiasme. Anouk a peu de temps libre, mais lorsqu&rsquo;elle en a, elle le consacre \u00e0 son mari David, \u00e0 ses enfants Emma et Victor, et \u00e0 des voyages inspirants.[\/vc_column_text]<a href=\"https:\/\/evida.tijdelijk.website\/over-evida\/\" class=\"vcex-button theme-button inline\"><span class=\"vcex-button-inner theme-button-inner wpex-flex wpex-flex-wrap wpex-items-center wpex-justify-center\">\u00c0 propos d&rsquo;Evida<\/span><\/a> [\/vc_column][\/vc_row]\n<\/div>","protected":false},"excerpt":{"rendered":"<p>[vc_row full_width=\u00a0\u00bbstretch_row\u00a0\u00bb column_spacing=\u00a0\u00bb40&Prime; equal_height=\u00a0\u00bbyes\u00a0\u00bb remove_bottom_col_margin=\u00a0\u00bbtrue\u00a0\u00bb bg_style=\u00a0\u00bbstretch\u00a0\u00bb wpex_bg_position=\u00a0\u00bbcenter bottom\u00a0\u00bb][vc_column width=\u00a0\u00bb1\/2&Prime; wpex_zindex=\u00a0\u00bb99&Prime; css=\u00a0\u00bb.vc_custom_1657195922628{padding-top: 75px !important;padding-right: 8% !important;padding-bottom: 80px !important;}\u00a0\u00bb][vc_column_text css=\u00a0\u00bb.vc_custom_1665996885415{padding-bottom: 30px !important;}\u00a0\u00bb text_align=\u00a0\u00bbleft\u00a0\u00bb]Chez nous, il n\u2019y a pas de cat\u00e9gorisation. Chaque femme, qu\u2019elle soit grande, petite, fine ou voluptueuse, a droit \u00e0 des v\u00eatements \u00e9l\u00e9gants et parfaitement ajust\u00e9s. Et c\u2019est l\u00e0 que nous intervenons : Evida est&hellip;<\/p>\n","protected":false},"author":2,"featured_media":0,"parent":0,"menu_order":0,"comment_status":"closed","ping_status":"closed","template":"","meta":{"_monsterinsights_skip_tracking":false,"_monsterinsights_sitenote_active":false,"_monsterinsights_sitenote_note":"","_monsterinsights_sitenote_category":0,"footnotes":""},"class_list":["post-25963","page","type-page","status-publish","hentry","entry","no-media"],"yoast_head":"<!-- This site is optimized with the Yoast SEO plugin v26.8 - https:\/\/yoast.com\/product\/yoast-seo-wordpress\/ -->\n<title>Mode f\u00e9minine \u00e9l\u00e9gante et vari\u00e9e - Evida<\/title>\n<meta name=\"description\" content=\"Evida, agence de v\u00eatements pour femmes. Collections avec un ajustement parfait de la taille 34 \u00e0 la taille 56. Portable et adorable.\" \/>\n<meta name=\"robots\" content=\"index, follow, max-snippet:-1, max-image-preview:large, max-video-preview:-1\" \/>\n<link rel=\"canonical\" href=\"https:\/\/evida.be\/fr\/\" \/>\n<meta property=\"og:locale\" content=\"fr_FR\" \/>\n<meta property=\"og:type\" content=\"article\" \/>\n<meta property=\"og:title\" content=\"Mode f\u00e9minine \u00e9l\u00e9gante et vari\u00e9e - Evida\" \/>\n<meta property=\"og:description\" content=\"Evida, agence de v\u00eatements pour femmes. Collections avec un ajustement parfait de la taille 34 \u00e0 la taille 56. Portable et adorable.\" \/>\n<meta property=\"og:url\" content=\"https:\/\/evida.be\/fr\/\" \/>\n<meta property=\"og:site_name\" content=\"Evida\" \/>\n<meta property=\"article:publisher\" content=\"https:\/\/www.facebook.com\/agentuurevida\" \/>\n<meta property=\"article:modified_time\" content=\"2026-02-02T13:23:59+00:00\" \/>\n<meta name=\"twitter:card\" content=\"summary_large_image\" \/>\n<meta name=\"twitter:label1\" content=\"Dur\u00e9e de lecture estim\u00e9e\" \/>\n\t<meta name=\"twitter:data1\" content=\"6 minutes\" \/>\n<script type=\"application\/ld+json\" class=\"yoast-schema-graph\">{\"@context\":\"https:\/\/schema.org\",\"@graph\":[{\"@type\":\"WebPage\",\"@id\":\"https:\/\/evida.be\/fr\/\",\"url\":\"https:\/\/evida.be\/fr\/\",\"name\":\"Mode f\u00e9minine \u00e9l\u00e9gante et vari\u00e9e - Evida\",\"isPartOf\":{\"@id\":\"https:\/\/evida.be\/#website\"},\"datePublished\":\"2023-01-12T11:14:52+00:00\",\"dateModified\":\"2026-02-02T13:23:59+00:00\",\"description\":\"Evida, agence de v\u00eatements pour femmes. Collections avec un ajustement parfait de la taille 34 \u00e0 la taille 56. Portable et adorable.\",\"breadcrumb\":{\"@id\":\"https:\/\/evida.be\/fr\/#breadcrumb\"},\"inLanguage\":\"fr-FR\",\"potentialAction\":[{\"@type\":\"ReadAction\",\"target\":[\"https:\/\/evida.be\/fr\/\"]}]},{\"@type\":\"BreadcrumbList\",\"@id\":\"https:\/\/evida.be\/fr\/#breadcrumb\",\"itemListElement\":[{\"@type\":\"ListItem\",\"position\":1,\"name\":\"Home\",\"item\":\"https:\/\/evida.be\/fr\/\"},{\"@type\":\"ListItem\",\"position\":2,\"name\":\"Acceuil\"}]},{\"@type\":\"WebSite\",\"@id\":\"https:\/\/evida.be\/#website\",\"url\":\"https:\/\/evida.be\/\",\"name\":\"Evida\",\"description\":\"Talking, Thinking, Acting... Together\",\"publisher\":{\"@id\":\"https:\/\/evida.be\/#organization\"},\"potentialAction\":[{\"@type\":\"SearchAction\",\"target\":{\"@type\":\"EntryPoint\",\"urlTemplate\":\"https:\/\/evida.be\/?s={search_term_string}\"},\"query-input\":{\"@type\":\"PropertyValueSpecification\",\"valueRequired\":true,\"valueName\":\"search_term_string\"}}],\"inLanguage\":\"fr-FR\"},{\"@type\":\"Organization\",\"@id\":\"https:\/\/evida.be\/#organization\",\"name\":\"Evida\",\"url\":\"https:\/\/evida.be\/\",\"logo\":{\"@type\":\"ImageObject\",\"inLanguage\":\"fr-FR\",\"@id\":\"https:\/\/evida.be\/#\/schema\/logo\/image\/\",\"url\":\"https:\/\/evida.be\/wp-content\/uploads\/2022\/03\/Logo_Evida.png\",\"contentUrl\":\"https:\/\/evida.be\/wp-content\/uploads\/2022\/03\/Logo_Evida.png\",\"width\":284,\"height\":92,\"caption\":\"Evida\"},\"image\":{\"@id\":\"https:\/\/evida.be\/#\/schema\/logo\/image\/\"},\"sameAs\":[\"https:\/\/www.facebook.com\/agentuurevida\",\"https:\/\/www.instagram.com\/evida_agentuur\/\"]}]}<\/script>\n<!-- \/ Yoast SEO plugin. -->","yoast_head_json":{"title":"Mode f\u00e9minine \u00e9l\u00e9gante et vari\u00e9e - Evida","description":"Evida, agence de v\u00eatements pour femmes. Collections avec un ajustement parfait de la taille 34 \u00e0 la taille 56. Portable et adorable.","robots":{"index":"index","follow":"follow","max-snippet":"max-snippet:-1","max-image-preview":"max-image-preview:large","max-video-preview":"max-video-preview:-1"},"canonical":"https:\/\/evida.be\/fr\/","og_locale":"fr_FR","og_type":"article","og_title":"Mode f\u00e9minine \u00e9l\u00e9gante et vari\u00e9e - Evida","og_description":"Evida, agence de v\u00eatements pour femmes. Collections avec un ajustement parfait de la taille 34 \u00e0 la taille 56. Portable et adorable.","og_url":"https:\/\/evida.be\/fr\/","og_site_name":"Evida","article_publisher":"https:\/\/www.facebook.com\/agentuurevida","article_modified_time":"2026-02-02T13:23:59+00:00","twitter_card":"summary_large_image","twitter_misc":{"Dur\u00e9e de lecture estim\u00e9e":"6 minutes"},"schema":{"@context":"https:\/\/schema.org","@graph":[{"@type":"WebPage","@id":"https:\/\/evida.be\/fr\/","url":"https:\/\/evida.be\/fr\/","name":"Mode f\u00e9minine \u00e9l\u00e9gante et vari\u00e9e - Evida","isPartOf":{"@id":"https:\/\/evida.be\/#website"},"datePublished":"2023-01-12T11:14:52+00:00","dateModified":"2026-02-02T13:23:59+00:00","description":"Evida, agence de v\u00eatements pour femmes. Collections avec un ajustement parfait de la taille 34 \u00e0 la taille 56. Portable et adorable.","breadcrumb":{"@id":"https:\/\/evida.be\/fr\/#breadcrumb"},"inLanguage":"fr-FR","potentialAction":[{"@type":"ReadAction","target":["https:\/\/evida.be\/fr\/"]}]},{"@type":"BreadcrumbList","@id":"https:\/\/evida.be\/fr\/#breadcrumb","itemListElement":[{"@type":"ListItem","position":1,"name":"Home","item":"https:\/\/evida.be\/fr\/"},{"@type":"ListItem","position":2,"name":"Acceuil"}]},{"@type":"WebSite","@id":"https:\/\/evida.be\/#website","url":"https:\/\/evida.be\/","name":"Evida","description":"Talking, Thinking, Acting... Together","publisher":{"@id":"https:\/\/evida.be\/#organization"},"potentialAction":[{"@type":"SearchAction","target":{"@type":"EntryPoint","urlTemplate":"https:\/\/evida.be\/?s={search_term_string}"},"query-input":{"@type":"PropertyValueSpecification","valueRequired":true,"valueName":"search_term_string"}}],"inLanguage":"fr-FR"},{"@type":"Organization","@id":"https:\/\/evida.be\/#organization","name":"Evida","url":"https:\/\/evida.be\/","logo":{"@type":"ImageObject","inLanguage":"fr-FR","@id":"https:\/\/evida.be\/#\/schema\/logo\/image\/","url":"https:\/\/evida.be\/wp-content\/uploads\/2022\/03\/Logo_Evida.png","contentUrl":"https:\/\/evida.be\/wp-content\/uploads\/2022\/03\/Logo_Evida.png","width":284,"height":92,"caption":"Evida"},"image":{"@id":"https:\/\/evida.be\/#\/schema\/logo\/image\/"},"sameAs":["https:\/\/www.facebook.com\/agentuurevida","https:\/\/www.instagram.com\/evida_agentuur\/"]}]}},"_links":{"self":[{"href":"https:\/\/evida.be\/fr\/wp-json\/wp\/v2\/pages\/25963","targetHints":{"allow":["GET"]}}],"collection":[{"href":"https:\/\/evida.be\/fr\/wp-json\/wp\/v2\/pages"}],"about":[{"href":"https:\/\/evida.be\/fr\/wp-json\/wp\/v2\/types\/page"}],"author":[{"embeddable":true,"href":"https:\/\/evida.be\/fr\/wp-json\/wp\/v2\/users\/2"}],"replies":[{"embeddable":true,"href":"https:\/\/evida.be\/fr\/wp-json\/wp\/v2\/comments?post=25963"}],"version-history":[{"count":37,"href":"https:\/\/evida.be\/fr\/wp-json\/wp\/v2\/pages\/25963\/revisions"}],"predecessor-version":[{"id":30922,"href":"https:\/\/evida.be\/fr\/wp-json\/wp\/v2\/pages\/25963\/revisions\/30922"}],"wp:attachment":[{"href":"https:\/\/evida.be\/fr\/wp-json\/wp\/v2\/media?parent=25963"}],"curies":[{"name":"wp","href":"https:\/\/api.w.org\/{rel}","templated":true}]}}