{"id":26741,"date":"2023-02-06T14:11:57","date_gmt":"2023-02-06T13:11:57","guid":{"rendered":"https:\/\/evida.be\/hebergement\/"},"modified":"2023-06-19T15:00:34","modified_gmt":"2023-06-19T13:00:34","slug":"hebergement","status":"publish","type":"page","link":"https:\/\/evida.be\/fr\/hebergement\/","title":{"rendered":"H\u00e9bergement"},"content":{"rendered":"<div class=\"wpb-content-wrapper\">[vc_row full_width=\u00a0\u00bbstretch_row\u00a0\u00bb gap=\u00a0\u00bb20&Prime; equal_height=\u00a0\u00bbyes\u00a0\u00bb remove_bottom_col_margin=\u00a0\u00bbtrue\u00a0\u00bb bg_style=\u00a0\u00bbstretch\u00a0\u00bb css=\u00a0\u00bb.vc_custom_1649158592502{padding-top: 90px !important;padding-bottom: 100px !important;}\u00a0\u00bb][vc_column css=\u00a0\u00bb.vc_custom_1655801725664{background-position: center !important;background-repeat: no-repeat !important;background-size: cover !important;border-radius: 5px !important;}\u00a0\u00bb wpex_bg_position=\u00a0\u00bbcenter top\u00a0\u00bb]<h1 class=\"vcex-heading vcex-heading-plain vcex-module wpex-heading wpex-text-2xl wpex-h1 vc_custom_1687177993003\"><span class=\"vcex-heading-inner wpex-inline-block\">H\u00e9bergement<\/span><\/h1><div class=\"vcex-heading vcex-heading-plain vcex-module wpex-heading wpex-text-2xl wpex-div\"><span class=\"vcex-heading-inner wpex-inline-block\">La recherche d'une collection chez Evida, une exp\u00e9rience<\/span><\/div>[vc_column_text]Les plus beaux v\u00eatements, des conseils styl\u00e9s et un choix fait en toute tranquillit\u00e9 (et dans le confort !). Evida vous met le sourire aux l\u00e8vres. Et pour compl\u00e9ter l\u2019exp\u00e9rience, nous vous donnons avec plaisir quelques conseils d\u2019h\u00e9bergement \u00e0 proximit\u00e9. La solution id\u00e9ale si vous devez faire un long voyage. En tant que partenaire, nous r\u00e9fl\u00e9chissons avec vous.<\/p>\n<p>Nos conseils:[\/vc_column_text][\/vc_column][\/vc_row][vc_row gap=\u00a0\u00bb30&Prime; equal_height=\u00a0\u00bbyes\u00a0\u00bb css=\u00a0\u00bb.vc_custom_1649231812631{padding-bottom: 100px !important;}\u00a0\u00bb][vc_column width=\u00a0\u00bb1\/3&Prime; css=\u00a0\u00bb.vc_custom_1655800518789{border-radius: 5px !important;}\u00a0\u00bb]<style>.vcex-image.vcex_69ef81d22fb6c .vcex-image-img{border-radius:10px;}<\/style><figure class=\"vcex-image vcex-module vcex_69ef81d22fb6c\"><div class=\"vcex-image-inner wpex-relative wpex-inline-block\"><img loading=\"lazy\" class=\"vcex-image-img wpex-align-middle wpex-shadow-lg\" decoding=\"async\" src=\"https:\/\/evida.be\/wp-content\/uploads\/2022\/10\/19-1-1024x683-1-900x600.jpg\" alt=\"\" srcset=\"https:\/\/evida.be\/wp-content\/uploads\/2022\/10\/19-1-1024x683-1-900x600.jpg 900w, https:\/\/evida.be\/wp-content\/uploads\/2022\/10\/19-1-1024x683-1-300x200.jpg 300w, https:\/\/evida.be\/wp-content\/uploads\/2022\/10\/19-1-1024x683-1-768x512.jpg 768w, https:\/\/evida.be\/wp-content\/uploads\/2022\/10\/19-1-1024x683-1-1000x667.jpg 1000w, https:\/\/evida.be\/wp-content\/uploads\/2022\/10\/19-1-1024x683-1.jpg 1024w\" width=\"900\" height=\"600\"><\/div><\/figure><h2 class=\"vcex-heading vcex-heading-plain vcex-module wpex-heading wpex-text-2xl wpex-h2 wpex-text-center vc_custom_1665753851182\"><span class=\"vcex-heading-inner wpex-inline-block\">B&amp;B Alury<\/span><\/h2><div class=\"theme-button-wrap textcenter theme-button-block-wrap wpex-block wpex-clear wpex-clr\"><a href=\"https:\/\/www.alury.be\/nl\/\" class=\"vcex-button theme-button small align-center block\" target=\"_blank\" rel=\"noopener noreferrer\"><span class=\"vcex-button-inner theme-button-inner wpex-flex wpex-flex-wrap wpex-items-center wpex-justify-center\">R\u00e9servation d\u2019un h\u00e9bergement<\/span><\/a><\/div> [\/vc_column][vc_column width=\u00a0\u00bb1\/3&Prime;]<style>.vcex-image.vcex_69ef81d2349b9 .vcex-image-img{border-radius:10px;}<\/style><figure class=\"vcex-image vcex-module vcex_69ef81d2349b9\"><div class=\"vcex-image-inner wpex-relative wpex-inline-block\"><img loading=\"lazy\" class=\"vcex-image-img wpex-align-middle wpex-shadow-lg\" decoding=\"async\" src=\"https:\/\/evida.be\/wp-content\/uploads\/2022\/10\/Schermafbeelding-2022-10-14-om-15.27.28-900x600.jpg\" alt=\"\" srcset=\"https:\/\/evida.be\/wp-content\/uploads\/2022\/10\/Schermafbeelding-2022-10-14-om-15.27.28-900x600.jpg 900w, https:\/\/evida.be\/wp-content\/uploads\/2022\/10\/Schermafbeelding-2022-10-14-om-15.27.28-300x200.jpg 300w, https:\/\/evida.be\/wp-content\/uploads\/2022\/10\/Schermafbeelding-2022-10-14-om-15.27.28-768x512.jpg 768w, https:\/\/evida.be\/wp-content\/uploads\/2022\/10\/Schermafbeelding-2022-10-14-om-15.27.28.jpg 1000w\" width=\"900\" height=\"600\"><\/div><\/figure><h2 class=\"vcex-heading vcex-heading-plain vcex-module wpex-heading wpex-text-2xl wpex-h2 wpex-text-center vc_custom_1665753905068\"><span class=\"vcex-heading-inner wpex-inline-block\">De Bosch<\/span><\/h2><div class=\"theme-button-wrap textcenter theme-button-block-wrap wpex-block wpex-clear wpex-clr\"><a href=\"http:\/\/www.debosch.be\" class=\"vcex-button theme-button small align-center block\" target=\"_blank\" rel=\"noopener noreferrer\"><span class=\"vcex-button-inner theme-button-inner wpex-flex wpex-flex-wrap wpex-items-center wpex-justify-center\">R\u00e9servation d\u2019un h\u00e9bergement<\/span><\/a><\/div> [\/vc_column][vc_column width=\u00a0\u00bb1\/3&Prime;]<style>.vcex-image.vcex_69ef81d237bb8 .vcex-image-img{border-radius:10px;}<\/style><figure class=\"vcex-image vcex-module vcex_69ef81d237bb8\"><div class=\"vcex-image-inner wpex-relative wpex-inline-block\"><img loading=\"lazy\" class=\"vcex-image-img wpex-align-middle wpex-shadow-lg\" decoding=\"async\" src=\"https:\/\/evida.be\/wp-content\/uploads\/2022\/10\/240367088_124541213246678_2325752306027636587_n-900x600.jpg\" alt=\"\" width=\"900\" height=\"600\"><\/div><\/figure><h2 class=\"vcex-heading vcex-heading-plain vcex-module wpex-heading wpex-text-2xl wpex-h2 wpex-text-center vc_custom_1665753912999\"><span class=\"vcex-heading-inner wpex-inline-block\">B&amp;B Meilrijk<\/span><\/h2><div class=\"theme-button-wrap textcenter theme-button-block-wrap wpex-block wpex-clear wpex-clr\"><a href=\"http:\/\/www.meilrijk.be\" class=\"vcex-button theme-button small align-center block\" target=\"_blank\" rel=\"noopener noreferrer\"><span class=\"vcex-button-inner theme-button-inner wpex-flex wpex-flex-wrap wpex-items-center wpex-justify-center\">R\u00e9servation d\u2019un h\u00e9bergement<\/span><\/a><\/div> [\/vc_column][\/vc_row][vc_row][vc_column][vc_column_text]Alors n\u2019h\u00e9sitez pas : r\u00e9servez vous-m\u00eame votre h\u00e9bergement pr\u00e9f\u00e9r\u00e9 et \u00e0 bient\u00f4t chez Evida ![\/vc_column_text][\/vc_column][\/vc_row]\n<\/div>","protected":false},"excerpt":{"rendered":"<p>[vc_row full_width=\u00a0\u00bbstretch_row\u00a0\u00bb gap=\u00a0\u00bb20&Prime; equal_height=\u00a0\u00bbyes\u00a0\u00bb remove_bottom_col_margin=\u00a0\u00bbtrue\u00a0\u00bb bg_style=\u00a0\u00bbstretch\u00a0\u00bb css=\u00a0\u00bb.vc_custom_1649158592502{padding-top: 90px !important;padding-bottom: 100px !important;}\u00a0\u00bb][vc_column css=\u00a0\u00bb.vc_custom_1655801725664{background-position: center !important;background-repeat: no-repeat !important;background-size: cover !important;border-radius: 5px !important;}\u00a0\u00bb wpex_bg_position=\u00a0\u00bbcenter top\u00a0\u00bb][vc_column_text]Les plus beaux v\u00eatements, des conseils styl\u00e9s et un choix fait en toute tranquillit\u00e9 (et dans le confort !). Evida vous met le sourire aux l\u00e8vres. Et pour compl\u00e9ter l\u2019exp\u00e9rience, nous vous donnons avec&hellip;<\/p>\n","protected":false},"author":2,"featured_media":0,"parent":0,"menu_order":0,"comment_status":"closed","ping_status":"closed","template":"","meta":{"_monsterinsights_skip_tracking":false,"_monsterinsights_sitenote_active":false,"_monsterinsights_sitenote_note":"","_monsterinsights_sitenote_category":0,"footnotes":""},"class_list":["post-26741","page","type-page","status-publish","hentry","entry","no-media"],"yoast_head":"<!-- This site is optimized with the Yoast SEO plugin v26.8 - https:\/\/yoast.com\/product\/yoast-seo-wordpress\/ -->\n<title>H\u00e9bergement - Evida<\/title>\n<meta name=\"robots\" content=\"index, follow, max-snippet:-1, max-image-preview:large, max-video-preview:-1\" \/>\n<link rel=\"canonical\" href=\"https:\/\/evida.be\/fr\/hebergement\/\" \/>\n<meta property=\"og:locale\" content=\"fr_FR\" \/>\n<meta property=\"og:type\" content=\"article\" \/>\n<meta property=\"og:title\" content=\"H\u00e9bergement - Evida\" \/>\n<meta property=\"og:description\" content=\"[vc_row full_width=\u00a0\u00bbstretch_row\u00a0\u00bb gap=\u00a0\u00bb20&Prime; equal_height=\u00a0\u00bbyes\u00a0\u00bb remove_bottom_col_margin=\u00a0\u00bbtrue\u00a0\u00bb bg_style=\u00a0\u00bbstretch\u00a0\u00bb css=\u00a0\u00bb.vc_custom_1649158592502{padding-top: 90px !important;padding-bottom: 100px !important;}\u00a0\u00bb][vc_column css=\u00a0\u00bb.vc_custom_1655801725664{background-position: center !important;background-repeat: no-repeat !important;background-size: cover !important;border-radius: 5px !important;}\u00a0\u00bb wpex_bg_position=\u00a0\u00bbcenter top\u00a0\u00bb][vc_column_text]Les plus beaux v\u00eatements, des conseils styl\u00e9s et un choix fait en toute tranquillit\u00e9 (et dans le confort !). Evida vous met le sourire aux l\u00e8vres. Et pour compl\u00e9ter l\u2019exp\u00e9rience, nous vous donnons avec&hellip;\" \/>\n<meta property=\"og:url\" content=\"https:\/\/evida.be\/fr\/hebergement\/\" \/>\n<meta property=\"og:site_name\" content=\"Evida\" \/>\n<meta property=\"article:publisher\" content=\"https:\/\/www.facebook.com\/agentuurevida\" \/>\n<meta property=\"article:modified_time\" content=\"2023-06-19T13:00:34+00:00\" \/>\n<meta name=\"twitter:card\" content=\"summary_large_image\" \/>\n<meta name=\"twitter:label1\" content=\"Dur\u00e9e de lecture estim\u00e9e\" \/>\n\t<meta name=\"twitter:data1\" content=\"1 minute\" \/>\n<script type=\"application\/ld+json\" class=\"yoast-schema-graph\">{\"@context\":\"https:\/\/schema.org\",\"@graph\":[{\"@type\":\"WebPage\",\"@id\":\"https:\/\/evida.be\/fr\/hebergement\/\",\"url\":\"https:\/\/evida.be\/fr\/hebergement\/\",\"name\":\"H\u00e9bergement - Evida\",\"isPartOf\":{\"@id\":\"https:\/\/evida.be\/#website\"},\"datePublished\":\"2023-02-06T13:11:57+00:00\",\"dateModified\":\"2023-06-19T13:00:34+00:00\",\"breadcrumb\":{\"@id\":\"https:\/\/evida.be\/fr\/hebergement\/#breadcrumb\"},\"inLanguage\":\"fr-FR\",\"potentialAction\":[{\"@type\":\"ReadAction\",\"target\":[\"https:\/\/evida.be\/fr\/hebergement\/\"]}]},{\"@type\":\"BreadcrumbList\",\"@id\":\"https:\/\/evida.be\/fr\/hebergement\/#breadcrumb\",\"itemListElement\":[{\"@type\":\"ListItem\",\"position\":1,\"name\":\"Home\",\"item\":\"https:\/\/evida.be\/fr\/\"},{\"@type\":\"ListItem\",\"position\":2,\"name\":\"H\u00e9bergement\"}]},{\"@type\":\"WebSite\",\"@id\":\"https:\/\/evida.be\/#website\",\"url\":\"https:\/\/evida.be\/\",\"name\":\"Evida\",\"description\":\"Talking, Thinking, Acting... Together\",\"publisher\":{\"@id\":\"https:\/\/evida.be\/#organization\"},\"potentialAction\":[{\"@type\":\"SearchAction\",\"target\":{\"@type\":\"EntryPoint\",\"urlTemplate\":\"https:\/\/evida.be\/?s={search_term_string}\"},\"query-input\":{\"@type\":\"PropertyValueSpecification\",\"valueRequired\":true,\"valueName\":\"search_term_string\"}}],\"inLanguage\":\"fr-FR\"},{\"@type\":\"Organization\",\"@id\":\"https:\/\/evida.be\/#organization\",\"name\":\"Evida\",\"url\":\"https:\/\/evida.be\/\",\"logo\":{\"@type\":\"ImageObject\",\"inLanguage\":\"fr-FR\",\"@id\":\"https:\/\/evida.be\/#\/schema\/logo\/image\/\",\"url\":\"https:\/\/evida.be\/wp-content\/uploads\/2022\/03\/Logo_Evida.png\",\"contentUrl\":\"https:\/\/evida.be\/wp-content\/uploads\/2022\/03\/Logo_Evida.png\",\"width\":284,\"height\":92,\"caption\":\"Evida\"},\"image\":{\"@id\":\"https:\/\/evida.be\/#\/schema\/logo\/image\/\"},\"sameAs\":[\"https:\/\/www.facebook.com\/agentuurevida\",\"https:\/\/www.instagram.com\/evida_agentuur\/\"]}]}<\/script>\n<!-- \/ Yoast SEO plugin. -->","yoast_head_json":{"title":"H\u00e9bergement - Evida","robots":{"index":"index","follow":"follow","max-snippet":"max-snippet:-1","max-image-preview":"max-image-preview:large","max-video-preview":"max-video-preview:-1"},"canonical":"https:\/\/evida.be\/fr\/hebergement\/","og_locale":"fr_FR","og_type":"article","og_title":"H\u00e9bergement - Evida","og_description":"[vc_row full_width=\u00a0\u00bbstretch_row\u00a0\u00bb gap=\u00a0\u00bb20&Prime; equal_height=\u00a0\u00bbyes\u00a0\u00bb remove_bottom_col_margin=\u00a0\u00bbtrue\u00a0\u00bb bg_style=\u00a0\u00bbstretch\u00a0\u00bb css=\u00a0\u00bb.vc_custom_1649158592502{padding-top: 90px !important;padding-bottom: 100px !important;}\u00a0\u00bb][vc_column css=\u00a0\u00bb.vc_custom_1655801725664{background-position: center !important;background-repeat: no-repeat !important;background-size: cover !important;border-radius: 5px !important;}\u00a0\u00bb wpex_bg_position=\u00a0\u00bbcenter top\u00a0\u00bb][vc_column_text]Les plus beaux v\u00eatements, des conseils styl\u00e9s et un choix fait en toute tranquillit\u00e9 (et dans le confort !). Evida vous met le sourire aux l\u00e8vres. Et pour compl\u00e9ter l\u2019exp\u00e9rience, nous vous donnons avec&hellip;","og_url":"https:\/\/evida.be\/fr\/hebergement\/","og_site_name":"Evida","article_publisher":"https:\/\/www.facebook.com\/agentuurevida","article_modified_time":"2023-06-19T13:00:34+00:00","twitter_card":"summary_large_image","twitter_misc":{"Dur\u00e9e de lecture estim\u00e9e":"1 minute"},"schema":{"@context":"https:\/\/schema.org","@graph":[{"@type":"WebPage","@id":"https:\/\/evida.be\/fr\/hebergement\/","url":"https:\/\/evida.be\/fr\/hebergement\/","name":"H\u00e9bergement - Evida","isPartOf":{"@id":"https:\/\/evida.be\/#website"},"datePublished":"2023-02-06T13:11:57+00:00","dateModified":"2023-06-19T13:00:34+00:00","breadcrumb":{"@id":"https:\/\/evida.be\/fr\/hebergement\/#breadcrumb"},"inLanguage":"fr-FR","potentialAction":[{"@type":"ReadAction","target":["https:\/\/evida.be\/fr\/hebergement\/"]}]},{"@type":"BreadcrumbList","@id":"https:\/\/evida.be\/fr\/hebergement\/#breadcrumb","itemListElement":[{"@type":"ListItem","position":1,"name":"Home","item":"https:\/\/evida.be\/fr\/"},{"@type":"ListItem","position":2,"name":"H\u00e9bergement"}]},{"@type":"WebSite","@id":"https:\/\/evida.be\/#website","url":"https:\/\/evida.be\/","name":"Evida","description":"Talking, Thinking, Acting... Together","publisher":{"@id":"https:\/\/evida.be\/#organization"},"potentialAction":[{"@type":"SearchAction","target":{"@type":"EntryPoint","urlTemplate":"https:\/\/evida.be\/?s={search_term_string}"},"query-input":{"@type":"PropertyValueSpecification","valueRequired":true,"valueName":"search_term_string"}}],"inLanguage":"fr-FR"},{"@type":"Organization","@id":"https:\/\/evida.be\/#organization","name":"Evida","url":"https:\/\/evida.be\/","logo":{"@type":"ImageObject","inLanguage":"fr-FR","@id":"https:\/\/evida.be\/#\/schema\/logo\/image\/","url":"https:\/\/evida.be\/wp-content\/uploads\/2022\/03\/Logo_Evida.png","contentUrl":"https:\/\/evida.be\/wp-content\/uploads\/2022\/03\/Logo_Evida.png","width":284,"height":92,"caption":"Evida"},"image":{"@id":"https:\/\/evida.be\/#\/schema\/logo\/image\/"},"sameAs":["https:\/\/www.facebook.com\/agentuurevida","https:\/\/www.instagram.com\/evida_agentuur\/"]}]}},"_links":{"self":[{"href":"https:\/\/evida.be\/fr\/wp-json\/wp\/v2\/pages\/26741","targetHints":{"allow":["GET"]}}],"collection":[{"href":"https:\/\/evida.be\/fr\/wp-json\/wp\/v2\/pages"}],"about":[{"href":"https:\/\/evida.be\/fr\/wp-json\/wp\/v2\/types\/page"}],"author":[{"embeddable":true,"href":"https:\/\/evida.be\/fr\/wp-json\/wp\/v2\/users\/2"}],"replies":[{"embeddable":true,"href":"https:\/\/evida.be\/fr\/wp-json\/wp\/v2\/comments?post=26741"}],"version-history":[{"count":7,"href":"https:\/\/evida.be\/fr\/wp-json\/wp\/v2\/pages\/26741\/revisions"}],"predecessor-version":[{"id":27703,"href":"https:\/\/evida.be\/fr\/wp-json\/wp\/v2\/pages\/26741\/revisions\/27703"}],"wp:attachment":[{"href":"https:\/\/evida.be\/fr\/wp-json\/wp\/v2\/media?parent=26741"}],"curies":[{"name":"wp","href":"https:\/\/api.w.org\/{rel}","templated":true}]}}